{"id":29,"date":"2018-11-14T12:21:55","date_gmt":"2018-11-14T11:21:55","guid":{"rendered":"https:\/\/www.nmc-anwaelte.at\/?page_id=29"},"modified":"2018-11-21T19:01:15","modified_gmt":"2018-11-21T18:01:15","slug":"o-nama","status":"publish","type":"page","link":"https:\/\/www.nmc-anwaelte.at\/hr\/o-nama\/","title":{"rendered":"O nama"},"content":{"rendered":"\t\t<div data-elementor-type=\"wp-post\" data-elementor-id=\"29\" class=\"elementor elementor-29 elementor-25 elementor-bc-flex-widget\" data-elementor-post-type=\"page\">\n\t\t\t\t\t\t<section class=\"elementor-section elementor-top-section elementor-element elementor-element-c5a3759 elementor-section-boxed elementor-section-height-default elementor-section-height-default\" data-id=\"c5a3759\" data-element_type=\"section\" data-settings=\"{&quot;background_background&quot;:&quot;classic&quot;}\">\n\t\t\t\t\t\t<div class=\"elementor-container elementor-column-gap-default\">\n\t\t\t\t\t<div class=\"elementor-column elementor-col-50 elementor-top-column elementor-element elementor-element-79002bd\" data-id=\"79002bd\" data-element_type=\"column\">\n\t\t\t<div class=\"elementor-widget-wrap elementor-element-populated\">\n\t\t\t\t\t\t<div class=\"elementor-element elementor-element-60aa976 elementor-widget elementor-widget-heading\" data-id=\"60aa976\" data-element_type=\"widget\" data-widget_type=\"heading.default\">\n\t\t\t\t<div class=\"elementor-widget-container\">\n\t\t\t\t\t<h2 class=\"elementor-heading-title elementor-size-xl\"><strong>Uvijek s Vama - <\/strong><br>\n<strong>sigurno<\/strong> kroz <br>\npropise i <br>\nzakone <br>\n<strong>s nama!<\/strong><\/h2>\t\t\t\t<\/div>\n\t\t\t\t<\/div>\n\t\t\t\t\t<\/div>\n\t\t<\/div>\n\t\t\t\t<div class=\"elementor-column elementor-col-50 elementor-top-column elementor-element elementor-element-dab4e93\" data-id=\"dab4e93\" data-element_type=\"column\">\n\t\t\t<div class=\"elementor-widget-wrap elementor-element-populated\">\n\t\t\t\t\t\t<div class=\"elementor-element elementor-element-87d670a elementor-widget elementor-widget-text-editor\" data-id=\"87d670a\" data-element_type=\"widget\" data-widget_type=\"text-editor.default\">\n\t\t\t\t<div class=\"elementor-widget-container\">\n\t\t\t\t\t\t\t\t\t<p>Na\u0161 ured \u010dine iskusni i motivirani tim od tri odvjetnika s raznolikim stru\u010dnim podru\u010djima rada. Mo\u017eete nam se obratiti, te osloniti na na\u0161 stru\u010dni savjet i kompetenciju ukoliko imate bilo kakvih pitanja iz pravnog podru\u010dja. Nudimo Vam \u0161iroki spektar rje\u0161enja, kako u oblasti poduzetni\u0161tva, tako i pri pravnim pitanjima iz svakodnevnog \u017eivota.\u00a0<\/p><p>\u017divite ili imate poduze\u0107e u inozemstvu, a imate potrebu za pravnom podr\u0161kom prema osobi ili poduze\u0107u iz Austrije? Na\u0161e stru\u010dno mi\u0161ljenje pri ovakvim slu\u010dajevima tako\u0111er Vam stoji na raspolaganju. Ukoliko niste u mogu\u0107nosti osobno nas posjetiti, dostupni smo za suradnju i preko raznih komunikacijskih kanala.<span class=\"Apple-converted-space\">\u00a0<\/span><\/p><p>Osnova komunikacije le\u017ei u napisanoj i izgovorenoj rije\u010di. Pravna savjetovanja u na\u0161em uredu mogu\u0107a su na njema\u010dkom, engleskom, ruskom, hrvatskom, srpskom i bosanskom jeziku.<\/p>\t\t\t\t\t\t\t\t<\/div>\n\t\t\t\t<\/div>\n\t\t\t\t\t<\/div>\n\t\t<\/div>\n\t\t\t\t\t<\/div>\n\t\t<\/section>\n\t\t\t\t<\/div>\n\t\t","protected":false},"excerpt":{"rendered":"<p>Uvijek s Vama &#8211; sigurno kroz propise i zakone s nama! Na\u0161 ured \u010dine iskusni i motivirani tim od tri odvjetnika s raznolikim stru\u010dnim podru\u010djima rada. Mo\u017eete nam se obratiti, te osloniti na na\u0161 stru\u010dni savjet i kompetenciju ukoliko imate bilo kakvih pitanja iz pravnog podru\u010dja. Nudimo Vam \u0161iroki spektar rje\u0161enja, kako u oblasti poduzetni\u0161tva, [&hellip;]<\/p>\n","protected":false},"author":1,"featured_media":0,"parent":0,"menu_order":0,"comment_status":"closed","ping_status":"closed","template":"","meta":{"footnotes":""},"class_list":["post-29","page","type-page","status-publish","hentry"],"_links":{"self":[{"href":"https:\/\/www.nmc-anwaelte.at\/hr\/wp-json\/wp\/v2\/pages\/29","targetHints":{"allow":["GET"]}}],"collection":[{"href":"https:\/\/www.nmc-anwaelte.at\/hr\/wp-json\/wp\/v2\/pages"}],"about":[{"href":"https:\/\/www.nmc-anwaelte.at\/hr\/wp-json\/wp\/v2\/types\/page"}],"author":[{"embeddable":true,"href":"https:\/\/www.nmc-anwaelte.at\/hr\/wp-json\/wp\/v2\/users\/1"}],"replies":[{"embeddable":true,"href":"https:\/\/www.nmc-anwaelte.at\/hr\/wp-json\/wp\/v2\/comments?post=29"}],"version-history":[{"count":12,"href":"https:\/\/www.nmc-anwaelte.at\/hr\/wp-json\/wp\/v2\/pages\/29\/revisions"}],"predecessor-version":[{"id":827,"href":"https:\/\/www.nmc-anwaelte.at\/hr\/wp-json\/wp\/v2\/pages\/29\/revisions\/827"}],"wp:attachment":[{"href":"https:\/\/www.nmc-anwaelte.at\/hr\/wp-json\/wp\/v2\/media?parent=29"}],"curies":[{"name":"wp","href":"https:\/\/api.w.org\/{rel}","templated":true}]}}